{"id":69,"date":"2018-03-13T16:18:30","date_gmt":"2018-03-13T15:18:30","guid":{"rendered":"http:\/\/coursedesgarconsdecafe-nantes.fr\/?page_id=69"},"modified":"2023-06-15T13:11:40","modified_gmt":"2023-06-15T11:11:40","slug":"lassociation-nantes-coeur-de-ville-evenements","status":"publish","type":"page","link":"https:\/\/coursedesgarconsdecafe-nantes.fr\/?page_id=69","title":{"rendered":"Qui sommes nous ?"},"content":{"rendered":"<p><img decoding=\"async\" loading=\"lazy\" class=\" wp-image-21 aligncenter\" src=\"http:\/\/coursedesgarconsdecafe-nantes.fr\/wp-content\/uploads\/2018\/03\/19756769_1462048387186660_5917023101635613006_n-300x300.png\" alt=\"\" width=\"205\" height=\"205\" srcset=\"https:\/\/coursedesgarconsdecafe-nantes.fr\/wp-content\/uploads\/2018\/03\/19756769_1462048387186660_5917023101635613006_n-300x300.png 300w, https:\/\/coursedesgarconsdecafe-nantes.fr\/wp-content\/uploads\/2018\/03\/19756769_1462048387186660_5917023101635613006_n-150x150.png 150w, https:\/\/coursedesgarconsdecafe-nantes.fr\/wp-content\/uploads\/2018\/03\/19756769_1462048387186660_5917023101635613006_n-768x768.png 768w, https:\/\/coursedesgarconsdecafe-nantes.fr\/wp-content\/uploads\/2018\/03\/19756769_1462048387186660_5917023101635613006_n.png 800w\" sizes=\"(max-width: 205px) 100vw, 205px\" \/><\/p>\n<h3 style=\"text-align: center;\">\u00ab Promouvoir la richesse culturelle du centre-ville de Nantes \u00bb<\/h3>\n<p style=\"text-align: center;\">L\u2019association \u00ab Nantes, c\u0153ur de ville \u00e9v\u00e8nements \u00bb se compose des trois associations de professionnels du centre-ville de Nantes ainsi que de professionnels ind\u00e9pendants:<\/p>\n<p><img decoding=\"async\" loading=\"lazy\" class=\"wp-image-88 alignleft\" src=\"http:\/\/coursedesgarconsdecafe-nantes.fr\/wp-content\/uploads\/2018\/03\/Logo-JPG-300x220.jpg\" alt=\"\" width=\"118\" height=\"86\" srcset=\"https:\/\/coursedesgarconsdecafe-nantes.fr\/wp-content\/uploads\/2018\/03\/Logo-JPG-300x220.jpg 300w, https:\/\/coursedesgarconsdecafe-nantes.fr\/wp-content\/uploads\/2018\/03\/Logo-JPG.jpg 675w\" sizes=\"(max-width: 118px) 100vw, 118px\" \/><strong>UMIH 44<\/strong>, repr\u00e9sente, d\u00e9fend et promeut les professionnels ind\u00e9pendants de l\u2019h\u00f4tellerie, de la restauration, des bars, des caf\u00e9s, des brasseries, du monde de la nuit et des professions saisonni\u00e8res. Cette organisation patronal est pr\u00e9sid\u00e9e par C\u00e9dric Praud, Restaurateur.<\/p>\n<p style=\"text-align: left;\"><strong><a href=\"http:\/\/coursedesgarconsdecafe-nantes.fr\/wp-content\/uploads\/2023\/05\/Image1.png\"><img decoding=\"async\" loading=\"lazy\" class=\"size-full wp-image-485 alignleft\" src=\"http:\/\/coursedesgarconsdecafe-nantes.fr\/wp-content\/uploads\/2023\/05\/Image1.png\" alt=\"\" width=\"174\" height=\"99\" \/><\/a> Plein Centre<\/strong> est l\u2019association des commer\u00e7ants du centre-ville de Nantes. Cr\u00e9\u00e9e en 2001, elle regroupe aujourd\u2019hui plus de 400 commerces de toutes tailles et tous secteurs d\u2019activit\u00e9. Son bureau est constitu\u00e9 de 20 membres, commer\u00e7ants \u00e9lus autour de leur pr\u00e9sident, Olivier Dard\u00e9. Ils sont \u00e9paul\u00e9s par une \u00e9quipe de 3\u00a0 permanentes.<\/p>\n<p><strong><a href=\"http:\/\/coursedesgarconsdecafe-nantes.fr\/wp-content\/uploads\/2023\/05\/Image2.jpg\"><img decoding=\"async\" loading=\"lazy\" class=\"size-full wp-image-486 alignleft\" src=\"http:\/\/coursedesgarconsdecafe-nantes.fr\/wp-content\/uploads\/2023\/05\/Image2.jpg\" alt=\"\" width=\"249\" height=\"51\" \/><\/a>GHR<\/strong>, Groupement des h\u00f4telleries et restaurations du Grand Ouest (anciennement GNI)\u00a0 est une organisation patrimoniale de l\u2019h\u00f4tellerie restauration cr\u00e9\u00e9e en 2015. Le bureau est constitu\u00e9 de professionnels b\u00e9n\u00e9voles tout comme la pr\u00e9sidente Catherine Qu\u00e9rard, elle-m\u00eame dirigeante de plusieurs \u00e9tablissements.<\/p>\n<p>L\u2019association \u00ab Nantes c\u0153ur de ville \u00bb est n\u00e9e de la volont\u00e9 de ces trois organismes, en association avec le Caf\u00e9 du Commerce (Nantes) de <strong>promouvoir la richesse culturelle du centre-ville de Nantes<\/strong>.<br \/>\nFond\u00e9e en 2017, cette association a pour vocation de cr\u00e9er des \u00e9v\u00e8nements afin de dynamiser notre c\u0153ur de ville. Premi\u00e8re action de l\u2019association : relancer la Course des gar\u00e7ons de caf\u00e9 dans l\u2019hyper-centre nantais pour 2017 et p\u00e9renniser cet \u00e9v\u00e8nement.<\/p>\n","protected":false},"excerpt":{"rendered":"<p>\u00ab Promouvoir la richesse culturelle du centre-ville de Nantes \u00bb L\u2019association \u00ab Nantes, c\u0153ur de ville \u00e9v\u00e8nements \u00bb se compose des trois associations de professionnels du centre-ville de Nantes ainsi que de professionnels ind\u00e9pendants: UMIH 44, repr\u00e9sente, d\u00e9fend et promeut les professionnels ind\u00e9pendants de l\u2019h\u00f4tellerie, de la restauration, des bars,<\/p>\n","protected":false},"author":1,"featured_media":0,"parent":0,"menu_order":0,"comment_status":"closed","ping_status":"closed","template":"","meta":[],"_links":{"self":[{"href":"https:\/\/coursedesgarconsdecafe-nantes.fr\/index.php?rest_route=\/wp\/v2\/pages\/69"}],"collection":[{"href":"https:\/\/coursedesgarconsdecafe-nantes.fr\/index.php?rest_route=\/wp\/v2\/pages"}],"about":[{"href":"https:\/\/coursedesgarconsdecafe-nantes.fr\/index.php?rest_route=\/wp\/v2\/types\/page"}],"author":[{"embeddable":true,"href":"https:\/\/coursedesgarconsdecafe-nantes.fr\/index.php?rest_route=\/wp\/v2\/users\/1"}],"replies":[{"embeddable":true,"href":"https:\/\/coursedesgarconsdecafe-nantes.fr\/index.php?rest_route=%2Fwp%2Fv2%2Fcomments&post=69"}],"version-history":[{"count":11,"href":"https:\/\/coursedesgarconsdecafe-nantes.fr\/index.php?rest_route=\/wp\/v2\/pages\/69\/revisions"}],"predecessor-version":[{"id":569,"href":"https:\/\/coursedesgarconsdecafe-nantes.fr\/index.php?rest_route=\/wp\/v2\/pages\/69\/revisions\/569"}],"wp:attachment":[{"href":"https:\/\/coursedesgarconsdecafe-nantes.fr\/index.php?rest_route=%2Fwp%2Fv2%2Fmedia&parent=69"}],"curies":[{"name":"wp","href":"https:\/\/api.w.org\/{rel}","templated":true}]}}